{"id":58463,"date":"2021-02-18T10:53:36","date_gmt":"2021-02-18T10:53:36","guid":{"rendered":"http:\/\/entasis.ba\/?page_id=58463"},"modified":"2024-10-24T11:04:21","modified_gmt":"2024-10-24T11:04:21","slug":"studio","status":"publish","type":"page","link":"https:\/\/entasis.ba\/en\/studio\/","title":{"rendered":"Studio"},"content":{"rendered":"<div data-elementor-type=\"wp-page\" data-elementor-id=\"58463\" class=\"elementor elementor-58463\">\n\t\t\t\t\t\t<div class=\"elementor-inner\">\n\t\t\t\t<div class=\"elementor-section-wrap\">\n\t\t\t\t\t\t\t\t\t<section class=\"elementor-section elementor-top-section elementor-element elementor-element-4e1a3687 elementor-section-content-middle elementor-section-boxed elementor-section-height-default elementor-section-height-default\" data-id=\"4e1a3687\" data-element_type=\"section\">\n\t\t\t\t\t\t<div class=\"elementor-container elementor-column-gap-wider\">\n\t\t\t\t\t\t\t<div class=\"elementor-row\">\n\t\t\t\t\t<div class=\"elementor-column elementor-col-50 elementor-top-column elementor-element elementor-element-5f7ddf39\" data-id=\"5f7ddf39\" data-element_type=\"column\">\n\t\t\t<div class=\"elementor-column-wrap elementor-element-populated\">\n\t\t\t\t\t\t\t<div class=\"elementor-widget-wrap\">\n\t\t\t\t\t\t<div class=\"elementor-element elementor-element-524090ad elementor-widget elementor-widget-text-editor\" data-id=\"524090ad\" data-element_type=\"widget\" data-widget_type=\"text-editor.default\">\n\t\t\t\t<div class=\"elementor-widget-container\">\n\t\t\t\t\t\t\t\t<div class=\"elementor-text-editor elementor-clearfix\">\n\t\t\t\t<p>Entasis is an architectual company started by Vedina Babahmetovi\u0107 in Zenica, Bosnia and Herzegovina in 1997.<\/p><p>In the last 23 years, Entasis worked on more than 60 projects, starting with conceptual solutions all the way to realisation of objects and interior.<\/p><p>Line of architectual projecting is based on projecting public, business, residential and other buildings, as well as projecting interior design. Given that the moto of the company is defining and monitoring projects n its entirety with an architectual-designer aspect from an idea of a project until its realization. We try to design the interior for each and every one of our architectual projects, because we consider those two phases strongly connected in their essence, as well as provide services of architectual supervising until the very end.<\/p><p>A major step forward was made in 2011. when we moved into our new business facility, and therefore acquired the conditions for the spread of our basic work and activities. Considering that interior design has always been one of our favorite tasks, we broadened our offer by opening an exhibition room with designed furniture that was made in Bosnia and Herzegovina.<\/p><p>And that is how the brand INTENT DESIGN came to existence. A brand which represents Bosnian and Herzegovinian designed furniture manufacturers with great pleasure and all in one place.<\/p><p>We value the quality of our companies and designer who have already achieved international success, as well as those who are only starting to be recognizable with their quality, and that is why we are offering to the market quality and beautiful products in all segments of furnishing residential and other spaces.<\/p>\t\t\t\t\t<\/div>\n\t\t\t\t\t\t<\/div>\n\t\t\t\t<\/div>\n\t\t\t\t\t\t<\/div>\n\t\t\t\t\t<\/div>\n\t\t<\/div>\n\t\t\t\t<div class=\"elementor-column elementor-col-50 elementor-top-column elementor-element elementor-element-c41ea87\" data-id=\"c41ea87\" data-element_type=\"column\">\n\t\t\t<div class=\"elementor-column-wrap elementor-element-populated\">\n\t\t\t\t\t\t\t<div class=\"elementor-widget-wrap\">\n\t\t\t\t\t\t<div class=\"elementor-element elementor-element-fae72fd elementor-widget elementor-widget-image\" data-id=\"fae72fd\" data-element_type=\"widget\" data-widget_type=\"image.default\">\n\t\t\t\t<div class=\"elementor-widget-container\">\n\t\t\t\t\t\t\t\t<div class=\"elementor-image\">\n\t\t\t\t\t\t\t\t\t\t\t\t<img width=\"1024\" height=\"626\" src=\"https:\/\/entasis.ba\/wp-content\/uploads\/2021\/05\/0-02-0a-8a686b625817ac23c1ffaef6711b9b12eb1ffb315f84b73b605ccce21000a281_7f95d2cf-1024x626.jpg\" class=\"attachment-large size-large\" alt=\"\" loading=\"lazy\" srcset=\"https:\/\/entasis.ba\/wp-content\/uploads\/2021\/05\/0-02-0a-8a686b625817ac23c1ffaef6711b9b12eb1ffb315f84b73b605ccce21000a281_7f95d2cf-1024x626.jpg 1024w, https:\/\/entasis.ba\/wp-content\/uploads\/2021\/05\/0-02-0a-8a686b625817ac23c1ffaef6711b9b12eb1ffb315f84b73b605ccce21000a281_7f95d2cf-300x183.jpg 300w, https:\/\/entasis.ba\/wp-content\/uploads\/2021\/05\/0-02-0a-8a686b625817ac23c1ffaef6711b9b12eb1ffb315f84b73b605ccce21000a281_7f95d2cf-768x469.jpg 768w, https:\/\/entasis.ba\/wp-content\/uploads\/2021\/05\/0-02-0a-8a686b625817ac23c1ffaef6711b9b12eb1ffb315f84b73b605ccce21000a281_7f95d2cf-1536x939.jpg 1536w, https:\/\/entasis.ba\/wp-content\/uploads\/2021\/05\/0-02-0a-8a686b625817ac23c1ffaef6711b9b12eb1ffb315f84b73b605ccce21000a281_7f95d2cf.jpg 1800w\" sizes=\"(max-width: 1024px) 100vw, 1024px\" \/>\t\t\t\t\t\t\t\t\t\t\t\t\t\t<\/div>\n\t\t\t\t\t\t<\/div>\n\t\t\t\t<\/div>\n\t\t\t\t\t\t<\/div>\n\t\t\t\t\t<\/div>\n\t\t<\/div>\n\t\t\t\t\t\t\t\t<\/div>\n\t\t\t\t\t<\/div>\n\t\t<\/section>\n\t\t\t\t<section class=\"elementor-section elementor-top-section elementor-element elementor-element-838ca6b elementor-section-content-middle elementor-section-boxed elementor-section-height-default elementor-section-height-default\" data-id=\"838ca6b\" data-element_type=\"section\">\n\t\t\t\t\t\t<div class=\"elementor-container elementor-column-gap-wider\">\n\t\t\t\t\t\t\t<div class=\"elementor-row\">\n\t\t\t\t\t<div class=\"elementor-column elementor-col-50 elementor-top-column elementor-element elementor-element-1c9e885\" data-id=\"1c9e885\" data-element_type=\"column\">\n\t\t\t<div class=\"elementor-column-wrap elementor-element-populated\">\n\t\t\t\t\t\t\t<div class=\"elementor-widget-wrap\">\n\t\t\t\t\t\t<div class=\"elementor-element elementor-element-2b893a0 elementor-widget elementor-widget-heading\" data-id=\"2b893a0\" data-element_type=\"widget\" data-widget_type=\"heading.default\">\n\t\t\t\t<div class=\"elementor-widget-container\">\n\t\t\t<h2 class=\"elementor-heading-title elementor-size-default\">OUR TEAM<\/h2>\t\t<\/div>\n\t\t\t\t<\/div>\n\t\t\t\t<div class=\"elementor-element elementor-element-72c1f04 elementor-widget elementor-widget-the7-accordion\" data-id=\"72c1f04\" data-element_type=\"widget\" data-widget_type=\"the7-accordion.default\">\n\t\t\t\t<div class=\"elementor-widget-container\">\n\t\t\t\t\t<div class=\"elementor-accordion the7-adv-accordion\" data-accordion-type=\"accordion\" role=\"tablist\">\r\n\t\t\t\t\t\t\t<div class=\"elementor-accordion-item\">\r\n\t\t\t\t\t<h4 id=\"elementor-tab-title-1201\" class=\"elementor-tab-title the7-accordion-header deactive-default\" data-tab=\"1\" role=\"tab\" aria-controls=\"elementor-tab-content-1201\">\r\n\r\n\t\t\t\t\t\t\t\t\t\t\t\t\t\t\t\t\t\t<a class=\"elementor-accordion-title\" href=\"\">Vedina Babahmetovic, Engineer of Architecture Graduate, founder and lead architect<\/a>\r\n\t\t\t\t\t<\/h4>\r\n\t\t\t\t\t<div id=\"elementor-tab-content-1201\" class=\"elementor-tab-content elementor-clearfix deactive-default\" data-tab=\"1\" role=\"tabpanel\" aria-labelledby=\"elementor-tab-title-1201\"><p>She graduated at 1985 at Faculty of Architecture in Sarajevo. She started her own company Entasis in 1997 in Zenica. The first postwar years were marked by extensive work in the valley of Vitez, where constructional boom enabled the introduction of new typology in architecture of our areas. Shopping Mall GMS is one of the first constructions of that kind in our region, which was adopted as an outline for projecting many similar objects which followed the new expression and new function. Together with her team she worked on many projects, including Franchise Center Vitez, Building of Township of Kakanj, Residential Complex Makovi, Administrative Building Tisa, Small administrative building and Big Pines, reesidential objects in Zenica, Sarajevo, Mostar, Tuzla and many other cities. \nVedina is an active member of Bosnian and Herzegovinian architectual scene, and she supports other colleagues, actively participates in the organization of comeptitions as well as promotion of architecture, and giving many lectures. \nAnd finally, Entasis has won a number of rewards, from which the most recent and most prestigious is : Grand Prix Collegium Artisticum 2019, the most reputable architectual reward in Bosnia and Herzegovina.<\/p><p><span style=\"color: #000000;\"><a style=\"color: #000000;\" href=\"mailto:vedina@entasis.ba\">vedina@entasis.ba<\/a><\/span><\/p><\/div>\r\n\t\t\t\t<\/div>\r\n\t\t\t\t\t\t\t<div class=\"elementor-accordion-item\">\r\n\t\t\t\t\t<h4 id=\"elementor-tab-title-1202\" class=\"elementor-tab-title the7-accordion-header\" data-tab=\"2\" role=\"tab\" aria-controls=\"elementor-tab-content-1202\">\r\n\r\n\t\t\t\t\t\t\t\t\t\t\t\t\t\t\t\t\t\t<a class=\"elementor-accordion-title\" href=\"\">Armel Dautovi\u0107, arch.<\/a>\r\n\t\t\t\t\t<\/h4>\r\n\t\t\t\t\t<div id=\"elementor-tab-content-1202\" class=\"elementor-tab-content elementor-clearfix\" data-tab=\"2\" role=\"tabpanel\" aria-labelledby=\"elementor-tab-title-1202\"><p><span style=\"color: #000000;\"><a style=\"color: #000000;\" href=\"mailto:armel@entasis.ba\">armel@entasis.ba<\/a><\/span><\/p><\/div>\r\n\t\t\t\t<\/div>\r\n\t\t\t\t\t\t\t<div class=\"elementor-accordion-item\">\r\n\t\t\t\t\t<h4 id=\"elementor-tab-title-1203\" class=\"elementor-tab-title the7-accordion-header\" data-tab=\"3\" role=\"tab\" aria-controls=\"elementor-tab-content-1203\">\r\n\r\n\t\t\t\t\t\t\t\t\t\t\t\t\t\t\t\t\t\t<a class=\"elementor-accordion-title\" href=\"\">Amira El Tanani , arch tech<\/a>\r\n\t\t\t\t\t<\/h4>\r\n\t\t\t\t\t<div id=\"elementor-tab-content-1203\" class=\"elementor-tab-content elementor-clearfix\" data-tab=\"3\" role=\"tabpanel\" aria-labelledby=\"elementor-tab-title-1203\"><p><span style=\"color: #000000;\"><a style=\"color: #000000;\" href=\"mailto:amira@entasis.ba\">amira@entasis.ba<\/a><\/span><\/p><\/div>\r\n\t\t\t\t<\/div>\r\n\t\t\t\t\t\t\t<div class=\"elementor-accordion-item\">\r\n\t\t\t\t\t<h4 id=\"elementor-tab-title-1204\" class=\"elementor-tab-title the7-accordion-header\" data-tab=\"4\" role=\"tab\" aria-controls=\"elementor-tab-content-1204\">\r\n\r\n\t\t\t\t\t\t\t\t\t\t\t\t\t\t\t\t\t\t<a class=\"elementor-accordion-title\" href=\"\">Kemal Mari\u0107, arch<\/a>\r\n\t\t\t\t\t<\/h4>\r\n\t\t\t\t\t<div id=\"elementor-tab-content-1204\" class=\"elementor-tab-content elementor-clearfix\" data-tab=\"4\" role=\"tabpanel\" aria-labelledby=\"elementor-tab-title-1204\">Accordion Content<\/div>\r\n\t\t\t\t<\/div>\r\n\t\t\t\t\t\t\t<div class=\"elementor-accordion-item\">\r\n\t\t\t\t\t<h4 id=\"elementor-tab-title-1205\" class=\"elementor-tab-title the7-accordion-header\" data-tab=\"5\" role=\"tab\" aria-controls=\"elementor-tab-content-1205\">\r\n\r\n\t\t\t\t\t\t\t\t\t\t\t\t\t\t\t\t\t\t<a class=\"elementor-accordion-title\" href=\"\">Sabina Hajdarevi\u0107, administration<\/a>\r\n\t\t\t\t\t<\/h4>\r\n\t\t\t\t\t<div id=\"elementor-tab-content-1205\" class=\"elementor-tab-content elementor-clearfix\" data-tab=\"5\" role=\"tabpanel\" aria-labelledby=\"elementor-tab-title-1205\"><p><span style=\"color: #000000;\"><a style=\"color: #000000;\" href=\"mailto:sabina@entasis.ba\">into@entasis.ba<\/a><\/span><\/p><\/div>\r\n\t\t\t\t<\/div>\r\n\t\t\t\t\t<\/div>\r\n\t\t\t\t<\/div>\n\t\t\t\t<\/div>\n\t\t\t\t<div class=\"elementor-element elementor-element-1f194eb elementor-widget elementor-widget-text-editor\" data-id=\"1f194eb\" data-element_type=\"widget\" data-widget_type=\"text-editor.default\">\n\t\t\t\t<div class=\"elementor-widget-container\">\n\t\t\t\t\t\t\t\t<div class=\"elementor-text-editor elementor-clearfix\">\n\t\t\t\t<p>All employees by now:<\/p>\t\t\t\t\t<\/div>\n\t\t\t\t\t\t<\/div>\n\t\t\t\t<\/div>\n\t\t\t\t<div class=\"elementor-element elementor-element-1a93b57 elementor-widget elementor-widget-text-editor\" data-id=\"1a93b57\" data-element_type=\"widget\" data-widget_type=\"text-editor.default\">\n\t\t\t\t<div class=\"elementor-widget-container\">\n\t\t\t\t\t\t\t\t<div class=\"elementor-text-editor elementor-clearfix\">\n\t\t\t\t<p><span style=\"font-weight: 400;\">Teuta Valla, dipl.ing.arh.<\/span><\/p><p><span style=\"font-weight: 400;\">Delila Veispahi\u0107, ing.arh.<\/span><\/p><p><span style=\"font-weight: 400;\">Arnesa Peri\u0107, gr.teh.\u00a0<\/span><\/p><p><span style=\"font-weight: 400;\">Amra Tatarevi\u0107, gr.teh.<\/span><\/p><p><span style=\"font-weight: 400;\">Aleksadra Velimirovi\u0107, kand.arch.<\/span><\/p><p><span style=\"font-weight: 400;\">Aida Hod\u017ei\u0107, gr.teh.<\/span><\/p><p><span style=\"font-weight: 400;\">Sanja Vasiljevi\u0107, gr.teh.<\/span><\/p><p><span style=\"font-weight: 400;\">Alisa Hrvat, arch.<\/span><\/p><p><span style=\"font-weight: 400;\">Berina Duranovi\u0107, gr.ing.<\/span><\/p><p><span style=\"font-weight: 400;\">Ljiljana Gari\u0107, gr.ing.<\/span><\/p><p><span style=\"font-weight: 400;\">Amela Vukojevi\u0107, arch.<\/span><\/p><p><span style=\"font-weight: 400;\">Hanadi Zaimovi\u0107, arch.<\/span><\/p><p><span style=\"font-weight: 400;\">Dragan Triv\u010devi\u0107, arch.<\/span><\/p><p><span style=\"font-weight: 400;\">Vernes Suba\u0161i\u0107, arch.teh.<\/span><\/p><p><span style=\"font-weight: 400;\">Dijana Klju\u010danin, kand. arch.<\/span><\/p><p><span style=\"font-weight: 400;\">Jasmina Zulum, arch.\u00a0<\/span><\/p><p><span style=\"font-weight: 400;\">Lejla Brljevac, arch.<\/span><\/p><p><span style=\"font-weight: 400;\">Mirza Seleskovi\u0107, kand.arch.<\/span><\/p><p><span style=\"font-weight: 400;\">Azra \u0110idi\u0107, arch.<\/span><\/p><p><span style=\"font-weight: 400;\">Dino Bajramovi\u0107, kand.arch.<\/span><\/p><p><span style=\"font-weight: 400;\">Mileti\u0107 Jasmina, arch.teh.<\/span><\/p><p><span style=\"font-weight: 400;\">Topalovi\u0107 Maida, kand.arch.<\/span><\/p><p><span style=\"font-weight: 400;\">Baru\u010dija Emir, kand.arch.<\/span><\/p><p><span style=\"font-weight: 400;\">Solo Semir, arch.teh.<\/span><\/p><p><span style=\"font-weight: 400;\">Ifeta Jahi\u0107 Begi\u0107, arch.<\/span><\/p><p><span style=\"font-weight: 400;\">Herali\u0107 Mirela, arch.<\/span><\/p><p><span style=\"font-weight: 400;\">Ismar Muji\u010di\u0107, kand. arch.<\/span><\/p><p><span style=\"font-weight: 400;\">Kom\u0161i\u0107 Zoran, arch.teh.<\/span><\/p><p><span style=\"font-weight: 400;\">Adin Orli\u0107, arch.<\/span><\/p><p><span style=\"font-weight: 400;\">Andrej \u0160etka, arch.<\/span><\/p><p><span style=\"font-weight: 400;\">Ivan Bo\u0161njak, arch.<\/span><\/p><p><span style=\"font-weight: 400;\">Lejla Kratina, kand. arch.<\/span><\/p><p><span style=\"font-weight: 400;\">Berina Okan, dipl.iur<\/span><\/p><p><span style=\"font-weight: 400;\">D\u017eenis Skopljak arch.<\/span><\/p><p><span style=\"font-weight: 400;\">Azra Hara\u010di\u0107 arch.<\/span><\/p>\t\t\t\t\t<\/div>\n\t\t\t\t\t\t<\/div>\n\t\t\t\t<\/div>\n\t\t\t\t\t\t<\/div>\n\t\t\t\t\t<\/div>\n\t\t<\/div>\n\t\t\t\t<div class=\"elementor-column elementor-col-50 elementor-top-column elementor-element elementor-element-b229bc9\" data-id=\"b229bc9\" data-element_type=\"column\">\n\t\t\t<div class=\"elementor-column-wrap elementor-element-populated\">\n\t\t\t\t\t\t\t<div class=\"elementor-widget-wrap\">\n\t\t\t\t\t\t<div class=\"elementor-element elementor-element-7182e06d elementor-widget elementor-widget-heading\" data-id=\"7182e06d\" data-element_type=\"widget\" data-widget_type=\"heading.default\">\n\t\t\t\t<div class=\"elementor-widget-container\">\n\t\t\t<h2 class=\"elementor-heading-title elementor-size-default\">AWARDS<\/h2>\t\t<\/div>\n\t\t\t\t<\/div>\n\t\t\t\t<div class=\"elementor-element elementor-element-93306ad elementor-widget elementor-widget-text-editor\" data-id=\"93306ad\" data-element_type=\"widget\" data-widget_type=\"text-editor.default\">\n\t\t\t\t<div class=\"elementor-widget-container\">\n\t\t\t\t\t\t\t\t<div class=\"elementor-text-editor elementor-clearfix\">\n\t\t\t\t<p>2006 SECOND PRIZE IN THE COMPETITION FOR RECONSTRUCTION AND UPGRADE OF THE RMU KAKANJ BUILDING<\/p>\t\t\t\t\t<\/div>\n\t\t\t\t\t\t<\/div>\n\t\t\t\t<\/div>\n\t\t\t\t<div class=\"elementor-element elementor-element-b2fa2e9 elementor-widget elementor-widget-text-editor\" data-id=\"b2fa2e9\" data-element_type=\"widget\" data-widget_type=\"text-editor.default\">\n\t\t\t\t<div class=\"elementor-widget-container\">\n\t\t\t\t\t\t\t\t<div class=\"elementor-text-editor elementor-clearfix\">\n\t\t\t\t<p>2009. FIRST PRIZE OF COLLEGIUM ARTISTICUM FOR REALIZATION OF THE FACILITY CENTER BIH VITEZ<\/p>\t\t\t\t\t<\/div>\n\t\t\t\t\t\t<\/div>\n\t\t\t\t<\/div>\n\t\t\t\t<div class=\"elementor-element elementor-element-124c58b elementor-widget elementor-widget-text-editor\" data-id=\"124c58b\" data-element_type=\"widget\" data-widget_type=\"text-editor.default\">\n\t\t\t\t<div class=\"elementor-widget-container\">\n\t\t\t\t\t\t\t\t<div class=\"elementor-text-editor elementor-clearfix\">\n\t\t\t\t<p>2009. FIRST AWARD OF COLLEGIUM ARTISTICUM FOR THE INTERIOR OF THE BIH VITEZ FRANCHISE CENTER<\/p>\t\t\t\t\t<\/div>\n\t\t\t\t\t\t<\/div>\n\t\t\t\t<\/div>\n\t\t\t\t<div class=\"elementor-element elementor-element-f531c24 elementor-widget elementor-widget-text-editor\" data-id=\"f531c24\" data-element_type=\"widget\" data-widget_type=\"text-editor.default\">\n\t\t\t\t<div class=\"elementor-widget-container\">\n\t\t\t\t\t\t\t\t<div class=\"elementor-text-editor elementor-clearfix\">\n\t\t\t\t<p>2014 FIRST PRIZE COLLEGIUM ARTISTICUM FOR THE REALIZATION OF THE OBJECT \"ONE SMALL POOL\", ZENICA<\/p>\t\t\t\t\t<\/div>\n\t\t\t\t\t\t<\/div>\n\t\t\t\t<\/div>\n\t\t\t\t<div class=\"elementor-element elementor-element-a356d31 elementor-widget elementor-widget-text-editor\" data-id=\"a356d31\" data-element_type=\"widget\" data-widget_type=\"text-editor.default\">\n\t\t\t\t<div class=\"elementor-widget-container\">\n\t\t\t\t\t\t\t\t<div class=\"elementor-text-editor elementor-clearfix\">\n\t\t\t\t<p>2015 COLLEGIUM ARTISTICUM AWARD FOR THE REALIZED INTERIOR FOR THE KAKANJ MUNICIPALITY BUILDING<\/p>\t\t\t\t\t<\/div>\n\t\t\t\t\t\t<\/div>\n\t\t\t\t<\/div>\n\t\t\t\t<div class=\"elementor-element elementor-element-84100f9 elementor-widget elementor-widget-text-editor\" data-id=\"84100f9\" data-element_type=\"widget\" data-widget_type=\"text-editor.default\">\n\t\t\t\t<div class=\"elementor-widget-container\">\n\t\t\t\t\t\t\t\t<div class=\"elementor-text-editor elementor-clearfix\">\n\t\t\t\t<p>2018 GRAND PRIX COLLEGIUM ARTISTICUM FOR THE REALIZATION OF THE FACILITY \u201cSMALL ADMINISTRATIVE BUILDING AND LARGE PINE\u201d ZENICA<\/p>\t\t\t\t\t<\/div>\n\t\t\t\t\t\t<\/div>\n\t\t\t\t<\/div>\n\t\t\t\t<div class=\"elementor-element elementor-element-f464983 elementor-widget elementor-widget-text-editor\" data-id=\"f464983\" data-element_type=\"widget\" data-widget_type=\"text-editor.default\">\n\t\t\t\t<div class=\"elementor-widget-container\">\n\t\t\t\t\t\t\t\t<div class=\"elementor-text-editor elementor-clearfix\">\n\t\t\t\t<p>2019. BIGSee Architecture Award 2019 -&#8220;Mala upravna zgrada I Veliki borovi&#8221;<\/p>\t\t\t\t\t<\/div>\n\t\t\t\t\t\t<\/div>\n\t\t\t\t<\/div>\n\t\t\t\t<div class=\"elementor-element elementor-element-a3c2b1e elementor-widget elementor-widget-text-editor\" data-id=\"a3c2b1e\" data-element_type=\"widget\" data-widget_type=\"text-editor.default\">\n\t\t\t\t<div class=\"elementor-widget-container\">\n\t\t\t\t\t\t\t\t<div class=\"elementor-text-editor elementor-clearfix\">\n\t\t\t\t<p>2019. BIGSee Wood Architecture Award 2019- &#8220;Poslovni objekat Tisa&#8221;<\/p>\t\t\t\t\t<\/div>\n\t\t\t\t\t\t<\/div>\n\t\t\t\t<\/div>\n\t\t\t\t<div class=\"elementor-element elementor-element-9106c4e elementor-widget elementor-widget-text-editor\" data-id=\"9106c4e\" data-element_type=\"widget\" data-widget_type=\"text-editor.default\">\n\t\t\t\t<div class=\"elementor-widget-container\">\n\t\t\t\t\t\t\t\t<div class=\"elementor-text-editor elementor-clearfix\">\n\t\t\t\t<p>2021. BLL 2021 Velux- &#8220;rekonstrukcija I dogradnja Artisan&#8221; TE\u0160ANJ<\/p>\t\t\t\t\t<\/div>\n\t\t\t\t\t\t<\/div>\n\t\t\t\t<\/div>\n\t\t\t\t<div class=\"elementor-element elementor-element-1b57413 elementor-widget elementor-widget-text-editor\" data-id=\"1b57413\" data-element_type=\"widget\" data-widget_type=\"text-editor.default\">\n\t\t\t\t<div class=\"elementor-widget-container\">\n\t\t\t\t\t\t\t\t<div class=\"elementor-text-editor elementor-clearfix\">\n\t\t\t\t<p>2021. BIGSee architecture Award 2021 -&#8220;Velika ku\u0107a I mala zgrada Zlokovac&#8221; TUZLA<\/p>\t\t\t\t\t<\/div>\n\t\t\t\t\t\t<\/div>\n\t\t\t\t<\/div>\n\t\t\t\t<div class=\"elementor-element elementor-element-86bcc63 elementor-widget elementor-widget-text-editor\" data-id=\"86bcc63\" data-element_type=\"widget\" data-widget_type=\"text-editor.default\">\n\t\t\t\t<div class=\"elementor-widget-container\">\n\t\t\t\t\t\t\t\t<div class=\"elementor-text-editor elementor-clearfix\">\n\t\t\t\t<p>2022. MIES VAN DER ROHE AWARD NOMINEE\u00a0 2022 &#8211; &#8220;Mala Upravna Zgrada i Veliki Borovi&#8221; ZENICA<\/p>\t\t\t\t\t<\/div>\n\t\t\t\t\t\t<\/div>\n\t\t\t\t<\/div>\n\t\t\t\t<div class=\"elementor-element elementor-element-da2b1ca elementor-widget elementor-widget-text-editor\" data-id=\"da2b1ca\" data-element_type=\"widget\" data-widget_type=\"text-editor.default\">\n\t\t\t\t<div class=\"elementor-widget-container\">\n\t\t\t\t\t\t\t\t<div class=\"elementor-text-editor elementor-clearfix\">\n\t\t\t\t<p>2022. AGA KHAN AWARD NOMINEE\u00a0 2022 &#8211; &#8220;Mala Upravna Zgrada i Veliki Borovi&#8221; ZENICA<\/p>\t\t\t\t\t<\/div>\n\t\t\t\t\t\t<\/div>\n\t\t\t\t<\/div>\n\t\t\t\t<div class=\"elementor-element elementor-element-2d0f930 elementor-widget elementor-widget-text-editor\" data-id=\"2d0f930\" data-element_type=\"widget\" data-widget_type=\"text-editor.default\">\n\t\t\t\t<div class=\"elementor-widget-container\">\n\t\t\t\t\t\t\t\t<div class=\"elementor-text-editor elementor-clearfix\">\n\t\t\t\t<p>2022. FIRST PRIZE  - COLLEGIUM ARTISTICUM FOR THE REALISATION \u2013 \u201cHI\u017dA MI\u0160LJENOVA\u201d PUHOVAC<\/p>\t\t\t\t\t<\/div>\n\t\t\t\t\t\t<\/div>\n\t\t\t\t<\/div>\n\t\t\t\t<div class=\"elementor-element elementor-element-69d7b46 elementor-widget elementor-widget-text-editor\" data-id=\"69d7b46\" data-element_type=\"widget\" data-widget_type=\"text-editor.default\">\n\t\t\t\t<div class=\"elementor-widget-container\">\n\t\t\t\t\t\t\t\t<div class=\"elementor-text-editor elementor-clearfix\">\n\t\t\t\t<p>2023. MIES VAN DER ROHE AWARD NOMINEE 2023 &#8211; &#8220;Ku\u0107a u klancu&#8221; ZENICA<\/p>\t\t\t\t\t<\/div>\n\t\t\t\t\t\t<\/div>\n\t\t\t\t<\/div>\n\t\t\t\t<div class=\"elementor-element elementor-element-d41134f elementor-widget elementor-widget-text-editor\" data-id=\"d41134f\" data-element_type=\"widget\" data-widget_type=\"text-editor.default\">\n\t\t\t\t<div class=\"elementor-widget-container\">\n\t\t\t\t\t\t\t\t<div class=\"elementor-text-editor elementor-clearfix\">\n\t\t\t\t<p>2023. MIES VAN DER ROHE AWARD NOMINEE 2023 &#8211; &#8220;HI\u017dA MI\u0160LJENOVA&#8221; PUHOVAC<\/p>\t\t\t\t\t<\/div>\n\t\t\t\t\t\t<\/div>\n\t\t\t\t<\/div>\n\t\t\t\t<div class=\"elementor-element elementor-element-34261d8 elementor-widget elementor-widget-text-editor\" data-id=\"34261d8\" data-element_type=\"widget\" data-widget_type=\"text-editor.default\">\n\t\t\t\t<div class=\"elementor-widget-container\">\n\t\t\t\t\t\t\t\t<div class=\"elementor-text-editor elementor-clearfix\">\n\t\t\t\t<p>2023. PIRANESI AWARD NOMINEE 2023 &#8211; &#8220;HI\u017dA MI\u0160LJENOVA&#8221; PUHOVAC<\/p>\t\t\t\t\t<\/div>\n\t\t\t\t\t\t<\/div>\n\t\t\t\t<\/div>\n\t\t\t\t\t\t<\/div>\n\t\t\t\t\t<\/div>\n\t\t<\/div>\n\t\t\t\t\t\t\t\t<\/div>\n\t\t\t\t\t<\/div>\n\t\t<\/section>\n\t\t\t\t<section class=\"elementor-section elementor-top-section elementor-element elementor-element-3636cdf8 elementor-section-content-middle elementor-section-boxed elementor-section-height-default elementor-section-height-default\" data-id=\"3636cdf8\" data-element_type=\"section\">\n\t\t\t\t\t\t<div class=\"elementor-container elementor-column-gap-wider\">\n\t\t\t\t\t\t\t<div class=\"elementor-row\">\n\t\t\t\t\t\t\t\t\t<\/div>\n\t\t\t\t\t<\/div>\n\t\t<\/section>\n\t\t\t\t\t\t\t\t\t<\/div>\n\t\t\t<\/div>\n\t\t\t\t\t<\/div>","protected":false},"excerpt":{"rendered":"<p>Entasis je arhitektonska firma koju je osnovala Vedina Babahmetovi\u0107 1997. godine sa sjedi\u0161tem u Zenici, Bosna i Hercegovina U proteklih 23 godine, Entasis je radio na vi\u0161e od 60 projekata, po\u010dev\u0161i od konceptualnih, idejnih rje\u0161enja pa sve do realizacija objekata i enterijera. Linija arhitektonskog projektovanja se bazira na projektovanju javnih, poslovnih, stambenih i drugih objekata&hellip;<\/p>","protected":false},"author":1,"featured_media":19,"parent":0,"menu_order":20,"comment_status":"closed","ping_status":"closed","template":"elementor_header_footer","meta":[],"_links":{"self":[{"href":"https:\/\/entasis.ba\/en\/wp-json\/wp\/v2\/pages\/58463"}],"collection":[{"href":"https:\/\/entasis.ba\/en\/wp-json\/wp\/v2\/pages"}],"about":[{"href":"https:\/\/entasis.ba\/en\/wp-json\/wp\/v2\/types\/page"}],"author":[{"embeddable":true,"href":"https:\/\/entasis.ba\/en\/wp-json\/wp\/v2\/users\/1"}],"replies":[{"embeddable":true,"href":"https:\/\/entasis.ba\/en\/wp-json\/wp\/v2\/comments?post=58463"}],"version-history":[{"count":278,"href":"https:\/\/entasis.ba\/en\/wp-json\/wp\/v2\/pages\/58463\/revisions"}],"predecessor-version":[{"id":62099,"href":"https:\/\/entasis.ba\/en\/wp-json\/wp\/v2\/pages\/58463\/revisions\/62099"}],"wp:featuredmedia":[{"embeddable":true,"href":"https:\/\/entasis.ba\/en\/wp-json\/wp\/v2\/media\/19"}],"wp:attachment":[{"href":"https:\/\/entasis.ba\/en\/wp-json\/wp\/v2\/media?parent=58463"}],"curies":[{"name":"wp","href":"https:\/\/api.w.org\/{rel}","templated":true}]}}